{"id":4374,"date":"2025-04-23T10:27:43","date_gmt":"2025-04-23T10:27:43","guid":{"rendered":"https:\/\/breeam-nor.byggalliansen.no\/v6\/kategorier-og-emner\/helse-og-innemiljo\/hea-01-visuell-komfort\/innendors-og-utendors-belysningsnivaer-og-soneinndeling\/"},"modified":"2025-10-22T13:33:32","modified_gmt":"2025-10-22T13:33:32","slug":"innendors-og-utendors-belysningsnivaer-og-soneinndeling","status":"publish","type":"page","link":"http:\/\/breeam-nor.byggalliansen.no\/v6\/kategorier-og-emner\/helse-og-innemiljo\/hea-01-visuell-komfort\/innendors-og-utendors-belysningsnivaer-og-soneinndeling\/","title":{"rendered":"Innend\u00f8rs og utend\u00f8rs belysningsniv\u00e5er og soneinndeling"},"content":{"rendered":"\n<h4 class=\"wp-block-heading\">Innvendig belysning<\/h4>\n\n\n\n<ol start=\"11\" class=\"wp-block-list\">\n<li>Innend\u00f8rs belysningsstyrke (lux) for relevante omr\u00e5der spesifiseres i samsvar med kapitel 5.3 i NS EN 12464-1:2021 Lys og belysning \u2013 Belysning av arbeidsplasser Del 1: Innend\u00f8rs arbeidsplasser.<\/li>\n\n\n\n<li>I omr\u00e5der der det jevnlig brukes datamaskiner, kreves det en bekreftelse p\u00e5 at belysningen er utformet for \u00e5 begrense muligheten for blending i samsvar med blendingstallgrensen, som angis i nasjonale retningslinjer for beste belysningspraksis (se Metode).<\/li>\n\n\n\n<li>Belysningens jevnhet (fra kunstig lys) skal overholde anbefalingene i nasjonale retningslinjer for beste belysningspraksis.<\/li>\n<\/ol>\n\n\n\n<h4 class=\"wp-block-heading\">Utvendig belysning<\/h4>\n\n\n\n<ol start=\"14\" class=\"wp-block-list\">\n<li>Utend\u00f8rs belysningsstyrke (lux) spesifiseres i samsvar med NS-EN 12464-2:2014 Lys og belysning av arbeidsplasser Del 2: Utend\u00f8rs arbeidsplasser.<\/li>\n\n\n\n<li>Der det ikke er spesifisert noen utvendige lysarmaturer, enten atskilt fra eller montert p\u00e5 den utvendige fasaden eller taket av bygningen, gjelder ikke kriteriene knyttet til utvendig belysning, og poenget kan tildeles p\u00e5 bakgrunn av samsvar med kriteriene 11\u201313 ovenfor. Poenget kan ikke tildeles hvis det ikke er spesifisert noen innvendig belysning.<\/li>\n<\/ol>\n\n\n\n<h4 class=\"wp-block-heading\">Soneinndeling og brukerkontroll<\/h4>\n\n\n\n<ol start=\"16\" class=\"wp-block-list\">\n<li>Innvendig belysning skal v\u00e6re delt inn i soner for \u00e5 gi mulighet for <dfn aria-describedby=\"desc-1749628119479-smkegxl9l\" data-definition=\"Separat brukerstyring\">separat brukerkontroll<\/dfn> i henhold til styringsprinsippene nedenfor for funksjonsomr\u00e5dene som finnes i bygningen:\n<ol style=\"list-style-type:lower-alpha\" class=\"wp-block-list\">\n<li><span style=\"font-size: clamp(1rem, 0.9107rem + 0.2857vw, 1.125rem);, sans-serif\">Kontorlandskap: hver sone har maksimum fire arbeidsplasser (se Metode). For arbeidsplasser omfatter kravet til brukerkontroll arbeidsplassens belysning, ikke allmennbelysningen.<\/span><\/li>\n\n\n\n<li><span style=\"font-size: clamp(1rem, 0.9107rem + 0.2857vw, 1.125rem);, sans-serif\">Arbeidsstasjoner ved siden av vinduer eller atrier og andre bygningsomr\u00e5der med separat soneinndeling og styring. For arbeidsplasser omfatter kravet til brukerkontroll arbeidsplassens belysning, ikke allmennbelysningen.<\/span><\/li>\n\n\n\n<li><span style=\"font-size: clamp(1rem, 0.9107rem + 0.2857vw, 1.125rem);, sans-serif\">Seminar- og konferanserom: soneinndeling av presentasjons- og publikumsomr\u00e5der<\/span><\/li>\n\n\n\n<li><span style=\"font-size: clamp(1rem, 0.9107rem + 0.2857vw, 1.125rem);, sans-serif\">Bibliotekomr\u00e5der: separat soneinndeling av reol-, lese- og skrankeomr\u00e5der<\/span><\/li>\n\n\n\n<li><span style=\"font-size: clamp(1rem, 0.9107rem + 0.2857vw, 1.125rem);, sans-serif\">Undervisnings- eller demonstrasjonsomr\u00e5der<\/span><\/li>\n\n\n\n<li><span style=\"font-size: clamp(1rem, 0.9107rem + 0.2857vw, 1.125rem);, sans-serif\">Tavler eller visningsskjermer. Dette kriteriet gjelder kun dersom det er finnes et behov for belysning i presentasjonssonen. Om det ikke finnes et slikt behov, kan dette kriteriet ansees \u00e5 v\u00e6re oppfylt.<\/span><\/li>\n\n\n\n<li><span style=\"font-size: clamp(1rem, 0.9107rem + 0.2857vw, 1.125rem);, sans-serif\">Auditorier: soneinndeling av sitte-, gang- og kateteromr\u00e5der<\/span><\/li>\n\n\n\n<li><span style=\"font-size: clamp(1rem, 0.9107rem + 0.2857vw, 1.125rem);, sans-serif\">Spise-, restaurant-, kaf\u00e9omr\u00e5der: soneinndeling av disk- og sitte-\/spiseomr\u00e5der<\/span><\/li>\n\n\n\n<li><span style=\"font-size: clamp(1rem, 0.9107rem + 0.2857vw, 1.125rem);, sans-serif\">Handelsomr\u00e5der: soneinndeling av utstillings- og diskomr\u00e5der<\/span><\/li>\n\n\n\n<li><span style=\"font-size: clamp(1rem, 0.9107rem + 0.2857vw, 1.125rem);, sans-serif\">Baromr\u00e5der: soneinndeling av bar- og sitteomr\u00e5der<\/span><\/li>\n\n\n\n<li><span style=\"font-size: clamp(1rem, 0.9107rem + 0.2857vw, 1.125rem);, sans-serif\">Avdelinger eller sengeplasser: regulert belysningskontroll for individuelle sengeplasser og kontroll for ansatte over grupper av sengeplasser<\/span><\/li>\n\n\n\n<li>Behandlingsomr\u00e5der, dagrom, venterom: soneinndeling av sitte- og aktivitetsomr\u00e5der og sirkulasjonsrom med kontroller tilgjengelig for personalet<\/li>\n<\/ol>\n<\/li>\n\n\n\n<li>Kun for utdanningsbygg: Omr\u00e5der som brukes til undervisning, seminarer eller konferanser, har innretninger for betjening av belysningen tilpasset omr\u00e5dets st\u00f8rrelse og bruk. I et typisk auditorium eller amfiteater med trinnvise sitteplasser og et formelt konferanse-, demonstrasjons- eller forestillingsomr\u00e5de forventes det vanligvis f\u00f8lgende styringsfunksjoner:\n<ol style=\"list-style-type:lower-alpha\" class=\"wp-block-list\">\n<li><span style=\"font-size: clamp(1rem, 0.9107rem + 0.2857vw, 1.125rem);, sans-serif\">full normal belysning (for inn- og utgang i rommet, renhold osv.)<\/span><\/li>\n\n\n\n<li><span style=\"font-size: clamp(1rem, 0.9107rem + 0.2857vw, 1.125rem);, sans-serif\">slukking av lyset i demonstrasjonsomr\u00e5det og dempet belysning i publikumsomr\u00e5det (for \u00e5 kunne vise lysbilder, men med nok lys til at publikum kan ta notater)<\/span><\/li>\n\n\n\n<li><span style=\"font-size: clamp(1rem, 0.9107rem + 0.2857vw, 1.125rem);, sans-serif\">all belysning slukket (for \u00e5 kunne vise lysbilder med toner og farger, og for \u00e5 kunne gjennomf\u00f8re visuelle demonstrasjoner eller forestillinger)<\/span><\/li>\n\n\n\n<li><span style=\"font-size: clamp(1rem, 0.9107rem + 0.2857vw, 1.125rem);, sans-serif\">uavhengig og lokal belysning av kateteret<\/span><\/li>\n\n\n\n<li>manuell belysningsstyring lett tilgjengelige for l\u00e6reren under undervisningen og ved inngangen\/ utgangen av undervisningsrommet. Manuell belysningsstyring trenger kun \u00e5 v\u00e6re tilgjengelig for de ansatte, ikke for elevene.<\/li>\n<\/ol>\n<\/li>\n\n\n\n<li>Kun for hoteller: For hotellrom eller rom i en hotellsuite som brukes som arbeidsomr\u00e5der, lik et lite kontor, m\u00e5 belysningsniv\u00e5ene v\u00e6re i samsvar med nasjonale niv\u00e5er for beste praksis for denne typen rom.<\/li>\n\n\n\n<li>Kun for fengsel: I tillegg til kriterium 11\u201313 skal den innsatte kunne velge et lavere niv\u00e5 av generell belysning ved behov, ved hjelp av f.eks. dimming, trinnbytte eller separat kurs.<\/li>\n\n\n\n<li>Kun for tinghus: F\u00f8lgende omr\u00e5der har separat soneinndeling (som et minimum):\n<ol style=\"list-style-type:lower-alpha\" class=\"wp-block-list\">\n<li><span style=\"font-size: clamp(1rem, 0.9107rem + 0.2857vw, 1.125rem);, sans-serif\">dommer- eller embetsmennsbenken<\/span><\/li>\n\n\n\n<li><span style=\"font-size: clamp(1rem, 0.9107rem + 0.2857vw, 1.125rem);, sans-serif\">forsvars- og aktorsbenk<\/span><\/li>\n\n\n\n<li><span style=\"font-size: clamp(1rem, 0.9107rem + 0.2857vw, 1.125rem);, sans-serif\">juryomr\u00e5de (hvis relevant)<\/span><\/li>\n\n\n\n<li>omr\u00e5de for tilh\u00f8rer<br><br>Lysstyring av sonene i arealene ovenfor, og tinghuset som helhet, har f\u00f8lgende innstillingsmuligheter:<\/li>\n\n\n\n<li><span style=\"font-size: clamp(1rem, 0.9107rem + 0.2857vw, 1.125rem);, sans-serif\">full belysning (for \u00e5 tillate rengj\u00f8ring osv.)<\/span><\/li>\n\n\n\n<li><span style=\"font-size: clamp(1rem, 0.9107rem + 0.2857vw, 1.125rem);, sans-serif\">normal belysning (for rettsm\u00f8ter)<\/span><\/li>\n\n\n\n<li>dempet (for \u00e5 vise audiovisuelle bevis, men med nok lys til \u00e5 ta notater)<\/li>\n<\/ol>\n<\/li>\n<\/ol>\n","protected":false},"excerpt":{"rendered":"<p>Innvendig belysning Utvendig belysning Soneinndeling og brukerkontroll<\/p>\n","protected":false},"author":5,"featured_media":0,"parent":4323,"menu_order":5,"comment_status":"closed","ping_status":"closed","template":"","meta":{"_acf_changed":false,"footnotes":""},"categories":[1],"connection":[150],"class_list":["post-4374","page","type-page","status-publish","hentry","category-kriterier","connection-2-1-6"],"acf":[],"yoast_head":"<!-- This site is optimized with the Yoast SEO plugin v25.4 - https:\/\/yoast.com\/wordpress\/plugins\/seo\/ -->\n<title>Innend\u00f8rs og utend\u00f8rs belysningsniv\u00e5er og soneinndeling - BREEAM-NOR<\/title>\n<meta name=\"robots\" content=\"index, follow, max-snippet:-1, max-image-preview:large, max-video-preview:-1\" \/>\n<link rel=\"canonical\" href=\"http:\/\/breeam-nor.byggalliansen.no\/v6\/kategorier-og-emner\/helse-og-innemiljo\/hea-01-visuell-komfort\/innendors-og-utendors-belysningsnivaer-og-soneinndeling\/\" \/>\n<meta property=\"og:locale\" content=\"nb_NO\" \/>\n<meta property=\"og:type\" content=\"article\" \/>\n<meta property=\"og:title\" content=\"Innend\u00f8rs og utend\u00f8rs belysningsniv\u00e5er og soneinndeling - BREEAM-NOR\" \/>\n<meta property=\"og:description\" content=\"Innvendig belysning Utvendig belysning Soneinndeling og brukerkontroll\" \/>\n<meta property=\"og:url\" content=\"http:\/\/breeam-nor.byggalliansen.no\/v6\/kategorier-og-emner\/helse-og-innemiljo\/hea-01-visuell-komfort\/innendors-og-utendors-belysningsnivaer-og-soneinndeling\/\" \/>\n<meta property=\"og:site_name\" content=\"BREEAM-NOR\" \/>\n<meta property=\"article:modified_time\" content=\"2025-10-22T13:33:32+00:00\" \/>\n<meta name=\"twitter:card\" content=\"summary_large_image\" \/>\n<meta name=\"twitter:label1\" content=\"Ansl. lesetid\" \/>\n\t<meta name=\"twitter:data1\" content=\"4 minutter\" \/>\n<script type=\"application\/ld+json\" class=\"yoast-schema-graph\">{\"@context\":\"https:\/\/schema.org\",\"@graph\":[{\"@type\":\"WebPage\",\"@id\":\"http:\/\/breeam-nor.byggalliansen.no\/v6\/kategorier-og-emner\/helse-og-innemiljo\/hea-01-visuell-komfort\/innendors-og-utendors-belysningsnivaer-og-soneinndeling\/\",\"url\":\"http:\/\/breeam-nor.byggalliansen.no\/v6\/kategorier-og-emner\/helse-og-innemiljo\/hea-01-visuell-komfort\/innendors-og-utendors-belysningsnivaer-og-soneinndeling\/\",\"name\":\"Innend\u00f8rs og utend\u00f8rs belysningsniv\u00e5er og soneinndeling - BREEAM-NOR\",\"isPartOf\":{\"@id\":\"https:\/\/breeam-nor.byggalliansen.no\/v6\/#website\"},\"datePublished\":\"2025-04-23T10:27:43+00:00\",\"dateModified\":\"2025-10-22T13:33:32+00:00\",\"breadcrumb\":{\"@id\":\"http:\/\/breeam-nor.byggalliansen.no\/v6\/kategorier-og-emner\/helse-og-innemiljo\/hea-01-visuell-komfort\/innendors-og-utendors-belysningsnivaer-og-soneinndeling\/#breadcrumb\"},\"inLanguage\":\"nb-NO\",\"potentialAction\":[{\"@type\":\"ReadAction\",\"target\":[\"http:\/\/breeam-nor.byggalliansen.no\/v6\/kategorier-og-emner\/helse-og-innemiljo\/hea-01-visuell-komfort\/innendors-og-utendors-belysningsnivaer-og-soneinndeling\/\"]}]},{\"@type\":\"BreadcrumbList\",\"@id\":\"http:\/\/breeam-nor.byggalliansen.no\/v6\/kategorier-og-emner\/helse-og-innemiljo\/hea-01-visuell-komfort\/innendors-og-utendors-belysningsnivaer-og-soneinndeling\/#breadcrumb\",\"itemListElement\":[{\"@type\":\"ListItem\",\"position\":1,\"name\":\"BREEAM-NOR\",\"item\":\"http:\/\/breeam-nor.byggalliansen.no\/v6\/\"},{\"@type\":\"ListItem\",\"position\":2,\"name\":\"Kategorier og emner\",\"item\":\"http:\/\/breeam-nor.byggalliansen.no\/v6\/kategorier-og-emner\/\"},{\"@type\":\"ListItem\",\"position\":3,\"name\":\"Helse og innemilj\u00f8\",\"item\":\"https:\/\/breeam-nor.byggalliansen.no\/v6\/kategorier-og-emner\/helse-og-innemiljo\/\"},{\"@type\":\"ListItem\",\"position\":4,\"name\":\"Hea 01 Visuell komfort\",\"item\":\"https:\/\/breeam-nor.byggalliansen.no\/v6\/kategorier-og-emner\/helse-og-innemiljo\/hea-01-visuell-komfort\/\"},{\"@type\":\"ListItem\",\"position\":5,\"name\":\"Innend\u00f8rs og utend\u00f8rs belysningsniv\u00e5er og soneinndeling\"}]},{\"@type\":\"WebSite\",\"@id\":\"https:\/\/breeam-nor.byggalliansen.no\/v6\/#website\",\"url\":\"https:\/\/breeam-nor.byggalliansen.no\/v6\/\",\"name\":\"BREEAM-NOR\",\"description\":\"Versjon 6.1.1, 2024\",\"potentialAction\":[{\"@type\":\"SearchAction\",\"target\":{\"@type\":\"EntryPoint\",\"urlTemplate\":\"https:\/\/breeam-nor.byggalliansen.no\/v6\/?s={search_term_string}\"},\"query-input\":{\"@type\":\"PropertyValueSpecification\",\"valueRequired\":true,\"valueName\":\"search_term_string\"}}],\"inLanguage\":\"nb-NO\"}]}<\/script>\n<!-- \/ Yoast SEO plugin. -->","yoast_head_json":{"title":"Innend\u00f8rs og utend\u00f8rs belysningsniv\u00e5er og soneinndeling - BREEAM-NOR","robots":{"index":"index","follow":"follow","max-snippet":"max-snippet:-1","max-image-preview":"max-image-preview:large","max-video-preview":"max-video-preview:-1"},"canonical":"http:\/\/breeam-nor.byggalliansen.no\/v6\/kategorier-og-emner\/helse-og-innemiljo\/hea-01-visuell-komfort\/innendors-og-utendors-belysningsnivaer-og-soneinndeling\/","og_locale":"nb_NO","og_type":"article","og_title":"Innend\u00f8rs og utend\u00f8rs belysningsniv\u00e5er og soneinndeling - BREEAM-NOR","og_description":"Innvendig belysning Utvendig belysning Soneinndeling og brukerkontroll","og_url":"http:\/\/breeam-nor.byggalliansen.no\/v6\/kategorier-og-emner\/helse-og-innemiljo\/hea-01-visuell-komfort\/innendors-og-utendors-belysningsnivaer-og-soneinndeling\/","og_site_name":"BREEAM-NOR","article_modified_time":"2025-10-22T13:33:32+00:00","twitter_card":"summary_large_image","twitter_misc":{"Ansl. lesetid":"4 minutter"},"schema":{"@context":"https:\/\/schema.org","@graph":[{"@type":"WebPage","@id":"http:\/\/breeam-nor.byggalliansen.no\/v6\/kategorier-og-emner\/helse-og-innemiljo\/hea-01-visuell-komfort\/innendors-og-utendors-belysningsnivaer-og-soneinndeling\/","url":"http:\/\/breeam-nor.byggalliansen.no\/v6\/kategorier-og-emner\/helse-og-innemiljo\/hea-01-visuell-komfort\/innendors-og-utendors-belysningsnivaer-og-soneinndeling\/","name":"Innend\u00f8rs og utend\u00f8rs belysningsniv\u00e5er og soneinndeling - BREEAM-NOR","isPartOf":{"@id":"https:\/\/breeam-nor.byggalliansen.no\/v6\/#website"},"datePublished":"2025-04-23T10:27:43+00:00","dateModified":"2025-10-22T13:33:32+00:00","breadcrumb":{"@id":"http:\/\/breeam-nor.byggalliansen.no\/v6\/kategorier-og-emner\/helse-og-innemiljo\/hea-01-visuell-komfort\/innendors-og-utendors-belysningsnivaer-og-soneinndeling\/#breadcrumb"},"inLanguage":"nb-NO","potentialAction":[{"@type":"ReadAction","target":["http:\/\/breeam-nor.byggalliansen.no\/v6\/kategorier-og-emner\/helse-og-innemiljo\/hea-01-visuell-komfort\/innendors-og-utendors-belysningsnivaer-og-soneinndeling\/"]}]},{"@type":"BreadcrumbList","@id":"http:\/\/breeam-nor.byggalliansen.no\/v6\/kategorier-og-emner\/helse-og-innemiljo\/hea-01-visuell-komfort\/innendors-og-utendors-belysningsnivaer-og-soneinndeling\/#breadcrumb","itemListElement":[{"@type":"ListItem","position":1,"name":"BREEAM-NOR","item":"http:\/\/breeam-nor.byggalliansen.no\/v6\/"},{"@type":"ListItem","position":2,"name":"Kategorier og emner","item":"http:\/\/breeam-nor.byggalliansen.no\/v6\/kategorier-og-emner\/"},{"@type":"ListItem","position":3,"name":"Helse og innemilj\u00f8","item":"https:\/\/breeam-nor.byggalliansen.no\/v6\/kategorier-og-emner\/helse-og-innemiljo\/"},{"@type":"ListItem","position":4,"name":"Hea 01 Visuell komfort","item":"https:\/\/breeam-nor.byggalliansen.no\/v6\/kategorier-og-emner\/helse-og-innemiljo\/hea-01-visuell-komfort\/"},{"@type":"ListItem","position":5,"name":"Innend\u00f8rs og utend\u00f8rs belysningsniv\u00e5er og soneinndeling"}]},{"@type":"WebSite","@id":"https:\/\/breeam-nor.byggalliansen.no\/v6\/#website","url":"https:\/\/breeam-nor.byggalliansen.no\/v6\/","name":"BREEAM-NOR","description":"Versjon 6.1.1, 2024","potentialAction":[{"@type":"SearchAction","target":{"@type":"EntryPoint","urlTemplate":"https:\/\/breeam-nor.byggalliansen.no\/v6\/?s={search_term_string}"},"query-input":{"@type":"PropertyValueSpecification","valueRequired":true,"valueName":"search_term_string"}}],"inLanguage":"nb-NO"}]}},"_links":{"self":[{"href":"http:\/\/breeam-nor.byggalliansen.no\/v6\/wp-json\/wp\/v2\/pages\/4374","targetHints":{"allow":["GET"]}}],"collection":[{"href":"http:\/\/breeam-nor.byggalliansen.no\/v6\/wp-json\/wp\/v2\/pages"}],"about":[{"href":"http:\/\/breeam-nor.byggalliansen.no\/v6\/wp-json\/wp\/v2\/types\/page"}],"author":[{"embeddable":true,"href":"http:\/\/breeam-nor.byggalliansen.no\/v6\/wp-json\/wp\/v2\/users\/5"}],"replies":[{"embeddable":true,"href":"http:\/\/breeam-nor.byggalliansen.no\/v6\/wp-json\/wp\/v2\/comments?post=4374"}],"version-history":[{"count":2,"href":"http:\/\/breeam-nor.byggalliansen.no\/v6\/wp-json\/wp\/v2\/pages\/4374\/revisions"}],"predecessor-version":[{"id":6099,"href":"http:\/\/breeam-nor.byggalliansen.no\/v6\/wp-json\/wp\/v2\/pages\/4374\/revisions\/6099"}],"up":[{"embeddable":true,"href":"http:\/\/breeam-nor.byggalliansen.no\/v6\/wp-json\/wp\/v2\/pages\/4323"}],"wp:attachment":[{"href":"http:\/\/breeam-nor.byggalliansen.no\/v6\/wp-json\/wp\/v2\/media?parent=4374"}],"wp:term":[{"taxonomy":"category","embeddable":true,"href":"http:\/\/breeam-nor.byggalliansen.no\/v6\/wp-json\/wp\/v2\/categories?post=4374"},{"taxonomy":"connection","embeddable":true,"href":"http:\/\/breeam-nor.byggalliansen.no\/v6\/wp-json\/wp\/v2\/connection?post=4374"}],"curies":[{"name":"wp","href":"https:\/\/api.w.org\/{rel}","templated":true}]}}