{"id":5317,"date":"2025-05-07T10:29:23","date_gmt":"2025-05-07T10:29:32","guid":{"rendered":"https:\/\/breeam-nor.byggalliansen.no\/v6\/?page_id=5317"},"modified":"2025-07-10T10:51:25","modified_gmt":"2025-07-10T10:51:25","slug":"belastning-fra-kuldemedier","status":"publish","type":"page","link":"http:\/\/breeam-nor.byggalliansen.no\/v6\/kategorier-og-emner\/forurensning\/pol-01-pavirkning-fra-kuldemedier\/belastning-fra-kuldemedier\/","title":{"rendered":"Belastning fra kuldemedier"},"content":{"rendered":"\n<h4 class=\"wp-block-heading\">2 poeng<\/h4>\n\n\n\n<ol start=\"3\" class=\"wp-block-list\">\n<li><dfn aria-describedby=\"desc-1746613734966-83geermgi\" data-definition=\"Direkte utslipp av CO2-ekvivalenter over livsl\u00f8pet (DELC)\">Direkte utslipp av klimagasser over livsl\u00f8pet, DELC<\/dfn>, skal v\u00e6re \u2264 100 kgCO2e\/kW. For systemer som leverer kj\u00f8ling og oppvarming, brukes det d\u00e5rligste resultatet basert p\u00e5 den laveste verdien av kj\u00f8leeffekt (kW) og varmeeffekt (kW) n\u00e5r beregningen utf\u00f8res. For beregning av DELC, se de relevante definisjonene i Metode.<br>ELLER<\/li>\n\n\n\n<li>Alle kuldemedier som brukes, har et <dfn aria-describedby=\"desc-1746613756662-hwhp8asta\" data-definition=\"Globalt oppvarmingspotensial (GWP)\">potensial for global oppvarming (GWP)<\/dfn> \u2264 10.<\/li>\n<\/ol>\n\n\n\n<p><\/p>\n\n\n\n<p><strong>ELLER<\/strong><\/p>\n\n\n\n<h4 class=\"wp-block-heading\">1 poeng<\/h4>\n\n\n\n<ol start=\"5\" class=\"wp-block-list\">\n<li>Systemer som bruker kuldemedier, har en DELC verdi p\u00e5 \u2264 1000 kgCO2e\/kW kj\u00f8le- og oppvarmingskapasitet<\/li>\n<\/ol>\n\n\n\n<p><\/p>\n","protected":false},"excerpt":{"rendered":"<p>2 poeng ELLER 1 poeng<\/p>\n","protected":false},"author":5,"featured_media":0,"parent":4762,"menu_order":2,"comment_status":"closed","ping_status":"closed","template":"","meta":{"_acf_changed":false,"footnotes":""},"categories":[1],"connection":[418],"class_list":["post-5317","page","type-page","status-publish","hentry","category-kriterier","connection-9-1-3"],"acf":[],"yoast_head":"<!-- This site is optimized with the Yoast SEO plugin v25.4 - https:\/\/yoast.com\/wordpress\/plugins\/seo\/ -->\n<title>Belastning fra kuldemedier - BREEAM-NOR<\/title>\n<meta name=\"robots\" content=\"index, follow, max-snippet:-1, max-image-preview:large, max-video-preview:-1\" \/>\n<link rel=\"canonical\" href=\"http:\/\/breeam-nor.byggalliansen.no\/v6\/kategorier-og-emner\/forurensning\/pol-01-pavirkning-fra-kuldemedier\/belastning-fra-kuldemedier\/\" \/>\n<meta property=\"og:locale\" content=\"nb_NO\" \/>\n<meta property=\"og:type\" content=\"article\" \/>\n<meta property=\"og:title\" content=\"Belastning fra kuldemedier - BREEAM-NOR\" \/>\n<meta property=\"og:description\" content=\"2 poeng ELLER 1 poeng\" \/>\n<meta property=\"og:url\" content=\"http:\/\/breeam-nor.byggalliansen.no\/v6\/kategorier-og-emner\/forurensning\/pol-01-pavirkning-fra-kuldemedier\/belastning-fra-kuldemedier\/\" \/>\n<meta property=\"og:site_name\" content=\"BREEAM-NOR\" \/>\n<meta property=\"article:modified_time\" content=\"2025-07-10T10:51:25+00:00\" \/>\n<meta name=\"twitter:card\" content=\"summary_large_image\" \/>\n<meta name=\"twitter:label1\" content=\"Ansl. lesetid\" \/>\n\t<meta name=\"twitter:data1\" content=\"1 minutt\" \/>\n<script type=\"application\/ld+json\" class=\"yoast-schema-graph\">{\"@context\":\"https:\/\/schema.org\",\"@graph\":[{\"@type\":\"WebPage\",\"@id\":\"http:\/\/breeam-nor.byggalliansen.no\/v6\/kategorier-og-emner\/forurensning\/pol-01-pavirkning-fra-kuldemedier\/belastning-fra-kuldemedier\/\",\"url\":\"http:\/\/breeam-nor.byggalliansen.no\/v6\/kategorier-og-emner\/forurensning\/pol-01-pavirkning-fra-kuldemedier\/belastning-fra-kuldemedier\/\",\"name\":\"Belastning fra kuldemedier - BREEAM-NOR\",\"isPartOf\":{\"@id\":\"https:\/\/breeam-nor.byggalliansen.no\/v6\/#website\"},\"datePublished\":\"2025-05-07T10:29:32+00:00\",\"dateModified\":\"2025-07-10T10:51:25+00:00\",\"breadcrumb\":{\"@id\":\"http:\/\/breeam-nor.byggalliansen.no\/v6\/kategorier-og-emner\/forurensning\/pol-01-pavirkning-fra-kuldemedier\/belastning-fra-kuldemedier\/#breadcrumb\"},\"inLanguage\":\"nb-NO\",\"potentialAction\":[{\"@type\":\"ReadAction\",\"target\":[\"http:\/\/breeam-nor.byggalliansen.no\/v6\/kategorier-og-emner\/forurensning\/pol-01-pavirkning-fra-kuldemedier\/belastning-fra-kuldemedier\/\"]}]},{\"@type\":\"BreadcrumbList\",\"@id\":\"http:\/\/breeam-nor.byggalliansen.no\/v6\/kategorier-og-emner\/forurensning\/pol-01-pavirkning-fra-kuldemedier\/belastning-fra-kuldemedier\/#breadcrumb\",\"itemListElement\":[{\"@type\":\"ListItem\",\"position\":1,\"name\":\"BREEAM-NOR\",\"item\":\"http:\/\/breeam-nor.byggalliansen.no\/v6\/\"},{\"@type\":\"ListItem\",\"position\":2,\"name\":\"Kategorier og emner\",\"item\":\"https:\/\/breeam-nor.byggalliansen.no\/v6\/kategorier-og-emner\/\"},{\"@type\":\"ListItem\",\"position\":3,\"name\":\"Forurensning\",\"item\":\"http:\/\/breeam-nor.byggalliansen.no\/v6\/kategorier-og-emner\/forurensning\/\"},{\"@type\":\"ListItem\",\"position\":4,\"name\":\"Pol 01 P\u00e5virkning fra kuldemedier\",\"item\":\"https:\/\/breeam-nor.byggalliansen.no\/v6\/kategorier-og-emner\/forurensning\/pol-01-pavirkning-fra-kuldemedier\/\"},{\"@type\":\"ListItem\",\"position\":5,\"name\":\"Belastning fra kuldemedier\"}]},{\"@type\":\"WebSite\",\"@id\":\"https:\/\/breeam-nor.byggalliansen.no\/v6\/#website\",\"url\":\"https:\/\/breeam-nor.byggalliansen.no\/v6\/\",\"name\":\"BREEAM-NOR\",\"description\":\"Versjon 6.1.1, 2024\",\"potentialAction\":[{\"@type\":\"SearchAction\",\"target\":{\"@type\":\"EntryPoint\",\"urlTemplate\":\"https:\/\/breeam-nor.byggalliansen.no\/v6\/?s={search_term_string}\"},\"query-input\":{\"@type\":\"PropertyValueSpecification\",\"valueRequired\":true,\"valueName\":\"search_term_string\"}}],\"inLanguage\":\"nb-NO\"}]}<\/script>\n<!-- \/ Yoast SEO plugin. -->","yoast_head_json":{"title":"Belastning fra kuldemedier - BREEAM-NOR","robots":{"index":"index","follow":"follow","max-snippet":"max-snippet:-1","max-image-preview":"max-image-preview:large","max-video-preview":"max-video-preview:-1"},"canonical":"http:\/\/breeam-nor.byggalliansen.no\/v6\/kategorier-og-emner\/forurensning\/pol-01-pavirkning-fra-kuldemedier\/belastning-fra-kuldemedier\/","og_locale":"nb_NO","og_type":"article","og_title":"Belastning fra kuldemedier - BREEAM-NOR","og_description":"2 poeng ELLER 1 poeng","og_url":"http:\/\/breeam-nor.byggalliansen.no\/v6\/kategorier-og-emner\/forurensning\/pol-01-pavirkning-fra-kuldemedier\/belastning-fra-kuldemedier\/","og_site_name":"BREEAM-NOR","article_modified_time":"2025-07-10T10:51:25+00:00","twitter_card":"summary_large_image","twitter_misc":{"Ansl. lesetid":"1 minutt"},"schema":{"@context":"https:\/\/schema.org","@graph":[{"@type":"WebPage","@id":"http:\/\/breeam-nor.byggalliansen.no\/v6\/kategorier-og-emner\/forurensning\/pol-01-pavirkning-fra-kuldemedier\/belastning-fra-kuldemedier\/","url":"http:\/\/breeam-nor.byggalliansen.no\/v6\/kategorier-og-emner\/forurensning\/pol-01-pavirkning-fra-kuldemedier\/belastning-fra-kuldemedier\/","name":"Belastning fra kuldemedier - BREEAM-NOR","isPartOf":{"@id":"https:\/\/breeam-nor.byggalliansen.no\/v6\/#website"},"datePublished":"2025-05-07T10:29:32+00:00","dateModified":"2025-07-10T10:51:25+00:00","breadcrumb":{"@id":"http:\/\/breeam-nor.byggalliansen.no\/v6\/kategorier-og-emner\/forurensning\/pol-01-pavirkning-fra-kuldemedier\/belastning-fra-kuldemedier\/#breadcrumb"},"inLanguage":"nb-NO","potentialAction":[{"@type":"ReadAction","target":["http:\/\/breeam-nor.byggalliansen.no\/v6\/kategorier-og-emner\/forurensning\/pol-01-pavirkning-fra-kuldemedier\/belastning-fra-kuldemedier\/"]}]},{"@type":"BreadcrumbList","@id":"http:\/\/breeam-nor.byggalliansen.no\/v6\/kategorier-og-emner\/forurensning\/pol-01-pavirkning-fra-kuldemedier\/belastning-fra-kuldemedier\/#breadcrumb","itemListElement":[{"@type":"ListItem","position":1,"name":"BREEAM-NOR","item":"http:\/\/breeam-nor.byggalliansen.no\/v6\/"},{"@type":"ListItem","position":2,"name":"Kategorier og emner","item":"https:\/\/breeam-nor.byggalliansen.no\/v6\/kategorier-og-emner\/"},{"@type":"ListItem","position":3,"name":"Forurensning","item":"http:\/\/breeam-nor.byggalliansen.no\/v6\/kategorier-og-emner\/forurensning\/"},{"@type":"ListItem","position":4,"name":"Pol 01 P\u00e5virkning fra kuldemedier","item":"https:\/\/breeam-nor.byggalliansen.no\/v6\/kategorier-og-emner\/forurensning\/pol-01-pavirkning-fra-kuldemedier\/"},{"@type":"ListItem","position":5,"name":"Belastning fra kuldemedier"}]},{"@type":"WebSite","@id":"https:\/\/breeam-nor.byggalliansen.no\/v6\/#website","url":"https:\/\/breeam-nor.byggalliansen.no\/v6\/","name":"BREEAM-NOR","description":"Versjon 6.1.1, 2024","potentialAction":[{"@type":"SearchAction","target":{"@type":"EntryPoint","urlTemplate":"https:\/\/breeam-nor.byggalliansen.no\/v6\/?s={search_term_string}"},"query-input":{"@type":"PropertyValueSpecification","valueRequired":true,"valueName":"search_term_string"}}],"inLanguage":"nb-NO"}]}},"_links":{"self":[{"href":"http:\/\/breeam-nor.byggalliansen.no\/v6\/wp-json\/wp\/v2\/pages\/5317","targetHints":{"allow":["GET"]}}],"collection":[{"href":"http:\/\/breeam-nor.byggalliansen.no\/v6\/wp-json\/wp\/v2\/pages"}],"about":[{"href":"http:\/\/breeam-nor.byggalliansen.no\/v6\/wp-json\/wp\/v2\/types\/page"}],"author":[{"embeddable":true,"href":"http:\/\/breeam-nor.byggalliansen.no\/v6\/wp-json\/wp\/v2\/users\/5"}],"replies":[{"embeddable":true,"href":"http:\/\/breeam-nor.byggalliansen.no\/v6\/wp-json\/wp\/v2\/comments?post=5317"}],"version-history":[{"count":3,"href":"http:\/\/breeam-nor.byggalliansen.no\/v6\/wp-json\/wp\/v2\/pages\/5317\/revisions"}],"predecessor-version":[{"id":5902,"href":"http:\/\/breeam-nor.byggalliansen.no\/v6\/wp-json\/wp\/v2\/pages\/5317\/revisions\/5902"}],"up":[{"embeddable":true,"href":"http:\/\/breeam-nor.byggalliansen.no\/v6\/wp-json\/wp\/v2\/pages\/4762"}],"wp:attachment":[{"href":"http:\/\/breeam-nor.byggalliansen.no\/v6\/wp-json\/wp\/v2\/media?parent=5317"}],"wp:term":[{"taxonomy":"category","embeddable":true,"href":"http:\/\/breeam-nor.byggalliansen.no\/v6\/wp-json\/wp\/v2\/categories?post=5317"},{"taxonomy":"connection","embeddable":true,"href":"http:\/\/breeam-nor.byggalliansen.no\/v6\/wp-json\/wp\/v2\/connection?post=5317"}],"curies":[{"name":"wp","href":"https:\/\/api.w.org\/{rel}","templated":true}]}}